{"id":994,"date":"2022-06-09T15:21:21","date_gmt":"2022-06-09T13:21:21","guid":{"rendered":"http:\/\/forum-entreprises.imt-nord-europe.fr\/forums\/?page_id=994"},"modified":"2022-06-09T16:16:51","modified_gmt":"2022-06-09T14:16:51","slug":"politique-de-confidentialite-2","status":"publish","type":"page","link":"https:\/\/forum-entreprises.imt-nord-europe.fr\/forums\/index.php\/politique-de-confidentialite-2\/","title":{"rendered":"Politique de confidentialit\u00e9"},"content":{"rendered":"\n<p><\/p>\n\n\n\n<p><\/p>\n\n\n\n<h2 class=\"wp-block-heading\">Responsable de la publication<\/h2>\n\n\n\n<p>Alain SCHMITT<\/p>\n\n\n\n<h2 class=\"wp-block-heading\">H\u00e9bergeur<\/h2>\n\n\n\n<p>Le site web <a href=\"http:\/\/forum-entreprises.imt-nord-europe.fr\/forums\/\">http:\/\/forum-entreprises.imt-nord-europe.fr\/forums\/<\/a> est h\u00e9berg\u00e9 par la Direction de l\u2019Informatique et des Syst\u00e8mes d\u2019Information d\u2019IMT&nbsp;Nord Europe<\/p>\n\n\n\n<h2 class=\"wp-block-heading\">Cookies<\/h2>\n\n\n\n<p>Des cookies provenant d&rsquo;autres entreprises (Youtube), peuvent \u00eatre d\u00e9pos\u00e9s directement par elles, pour am\u00e9liorer l&rsquo;interactivit\u00e9, par exemple en permettant de&nbsp;visualiser des vid\u00e9os directement depuis notre site.&nbsp;<\/p>\n\n\n\n<p><strong>Configuration des cookies :<\/strong>&nbsp;vous pouvez configurer votre navigateur afin d&rsquo;accepter ou refuser ces cookies. Pour plus de d\u00e9tails sur la proc\u00e9dure \u00e0 suivre, nous vous renvoyons aux modes d&#8217;emploi de gestion des cookies de votre navigateur : &nbsp;&nbsp;<\/p>\n\n\n\n<p>&#8211; pour&nbsp;<a href=\"http:\/\/windows.microsoft.com\/fr-FR\/windows7\/Block-enable-or-allow-cookies\">Internet Explorer<\/a><br>&#8211; pour&nbsp;<a href=\"https:\/\/support.google.com\/accounts\/answer\/61416?hl=fr\">Chrome<\/a><br>&#8211;&nbsp;pour&nbsp;<a href=\"https:\/\/support.mozilla.org\/fr\/kb\/activer-desactiver-cookies\">Firefox<\/a><br>&#8211; pour&nbsp;<a href=\"https:\/\/support.apple.com\/kb\/PH17191?locale=fr_FR&amp;viewlocale=fr_FR\">Safari<\/a><br>&#8211; pour&nbsp;<a href=\"http:\/\/help.opera.com\/Windows\/9.20\/fr\/cookies.html\">Opera<\/a><\/p>\n\n\n\n<p><br>En cas de d\u00e9sactivation de ces cookies, certaines fonctionnalit\u00e9s du site ne seront plus disponibles. &nbsp;<\/p>\n\n\n\n<h2 class=\"wp-block-heading\">Collecte de donn\u00e9es personnelles<\/h2>\n\n\n\n<p>Dans le cadre de l&rsquo;utilisation des services propos\u00e9s sur le site (contact, demande de renseignement) nous sommes amen\u00e9s \u00e0 vous demander des informations personnelles, telles que notamment vos nom, pr\u00e9nom, adresse postale, adresse \u00e9lectronique. Aucune information personnelle n&rsquo;est collect\u00e9e sans votre accord.<\/p>\n\n\n\n<p>Ces informations ne sont demand\u00e9es que dans la mesure o\u00f9 elles sont n\u00e9cessaires au traitement d\u2019un service particulier et seront conserv\u00e9es un an maximum.<\/p>\n\n\n\n<p>Les informations qui vous concernent sont destin\u00e9es exclusivement \u00e0 vous envoyer des informations pertinentes en fonction de vos centres d\u2019int\u00e9r\u00eat et ne seront en aucun cas communiqu\u00e9es \u00e0 des tiers.<\/p>\n\n\n\n<h2 class=\"wp-block-heading\">Acc\u00e8s aux informations vous concernant<\/h2>\n\n\n\n<p>Conform\u00e9ment au R\u00e8glement (UE) 2016\/679 (R\u00e8glement G\u00e9n\u00e9ral sur la Protection des Donn\u00e9es), vous pouvez exercer vos droits d\u2019acc\u00e8s, de rectification et d\u2019opposition des donn\u00e9es qui vous concernent en vous adressant \u00e0 dpo@imt-nord-europe.fr<\/p>\n","protected":false},"excerpt":{"rendered":"<p>Responsable de la publication Alain SCHMITT H\u00e9bergeur Le site web http:\/\/forum-entreprises.imt-nord-europe.fr\/forums\/ est h\u00e9berg\u00e9 par la Direction de l\u2019Informatique et des Syst\u00e8mes d\u2019Information d\u2019IMT&nbsp;Nord Europe Cookies Des cookies provenant d&rsquo;autres entreprises (Youtube), peuvent \u00eatre d\u00e9pos\u00e9s directement par elles, pour am\u00e9liorer l&rsquo;interactivit\u00e9, par exemple en permettant de&nbsp;visualiser des vid\u00e9os directement depuis notre site.&nbsp; Configuration des cookies :&nbsp;vous [&hellip;]<\/p>\n","protected":false},"author":1,"featured_media":0,"parent":0,"menu_order":0,"comment_status":"closed","ping_status":"closed","template":"","meta":{"footnotes":""},"class_list":["post-994","page","type-page","status-publish","hentry"],"_links":{"self":[{"href":"https:\/\/forum-entreprises.imt-nord-europe.fr\/forums\/index.php\/wp-json\/wp\/v2\/pages\/994","targetHints":{"allow":["GET"]}}],"collection":[{"href":"https:\/\/forum-entreprises.imt-nord-europe.fr\/forums\/index.php\/wp-json\/wp\/v2\/pages"}],"about":[{"href":"https:\/\/forum-entreprises.imt-nord-europe.fr\/forums\/index.php\/wp-json\/wp\/v2\/types\/page"}],"author":[{"embeddable":true,"href":"https:\/\/forum-entreprises.imt-nord-europe.fr\/forums\/index.php\/wp-json\/wp\/v2\/users\/1"}],"replies":[{"embeddable":true,"href":"https:\/\/forum-entreprises.imt-nord-europe.fr\/forums\/index.php\/wp-json\/wp\/v2\/comments?post=994"}],"version-history":[{"count":3,"href":"https:\/\/forum-entreprises.imt-nord-europe.fr\/forums\/index.php\/wp-json\/wp\/v2\/pages\/994\/revisions"}],"predecessor-version":[{"id":1001,"href":"https:\/\/forum-entreprises.imt-nord-europe.fr\/forums\/index.php\/wp-json\/wp\/v2\/pages\/994\/revisions\/1001"}],"wp:attachment":[{"href":"https:\/\/forum-entreprises.imt-nord-europe.fr\/forums\/index.php\/wp-json\/wp\/v2\/media?parent=994"}],"curies":[{"name":"wp","href":"https:\/\/api.w.org\/{rel}","templated":true}]}}